{"id":11945,"date":"2023-10-27T09:32:16","date_gmt":"2023-10-27T14:32:16","guid":{"rendered":"https:\/\/ief-fie.ca\/staging\/?post_type=project&#038;p=11945"},"modified":"2023-10-27T09:32:21","modified_gmt":"2023-10-27T14:32:21","slug":"frederic-verville-princes-trust-canada-veteran-entrepreneur","status":"publish","type":"project","link":"https:\/\/ief-fie.ca\/staging\/project\/frederic-verville-princes-trust-canada-veteran-entrepreneur\/","title":{"rendered":"Fr\u00e9d\u00e9ric Verville | Prince\u2019s Trust Canada Veteran Entrepreneur"},"content":{"rendered":"<p>[et_pb_section fb_built=&#8221;1&#8243; admin_label=&#8221;Page Header&#8221; _builder_version=&#8221;4.16&#8243; background_image=&#8221;https:\/\/ief-fie.ca\/staging\/wp-content\/uploads\/2021\/04\/Front-Page_Colour-left-2021.png&#8221; custom_margin=&#8221;||33px|||&#8221; custom_padding=&#8221;67px|0px|0px|0px|false|false&#8221; animation_style=&#8221;zoom&#8221; animation_intensity_zoom=&#8221;4%&#8221; global_colors_info=&#8221;{}&#8221;][et_pb_row _builder_version=&#8221;4.16&#8243; background_size=&#8221;initial&#8221; background_position=&#8221;top_left&#8221; background_repeat=&#8221;repeat&#8221; custom_padding=&#8221;||0px|||&#8221; animation_style=&#8221;slide&#8221; animation_direction=&#8221;top&#8221; animation_intensity_slide=&#8221;3%&#8221; global_colors_info=&#8221;{}&#8221;][et_pb_column type=&#8221;4_4&#8243; _builder_version=&#8221;4.16&#8243; custom_padding=&#8221;|||&#8221; global_colors_info=&#8221;{}&#8221; custom_padding__hover=&#8221;|||&#8221;][et_pb_text _builder_version=&#8221;4.18.0&#8243; text_font=&#8221;||||||||&#8221; header_font=&#8221;Montserrat|700||on|||||dotted&#8221; header_text_color=&#8221;#353740&#8243; header_font_size=&#8221;60px&#8221; header_line_height=&#8221;1.3em&#8221; background_size=&#8221;initial&#8221; background_position=&#8221;top_left&#8221; background_repeat=&#8221;repeat&#8221; custom_margin=&#8221;|||&#8221; animation_style=&#8221;fade&#8221; header_font_size_last_edited=&#8221;off|desktop&#8221; locked=&#8221;off&#8221; global_colors_info=&#8221;{}&#8221;]<\/p>\n<h1><span style=\"color: #ffffff; font-size: 60px;\">2023 <\/span><\/h1>\n<h1><span style=\"color: #ffffff; font-size: 60px;\">CANIE Awards Winner<\/span><\/h1>\n<p>[\/et_pb_text][et_pb_divider show_divider=&#8221;off&#8221; disabled_on=&#8221;on|on|off&#8221; _builder_version=&#8221;4.16&#8243; max_width=&#8221;120px&#8221; animation_style=&#8221;slide&#8221; animation_direction=&#8221;top&#8221; animation_intensity_slide=&#8221;30%&#8221; global_colors_info=&#8221;{}&#8221;][\/et_pb_divider][\/et_pb_column][\/et_pb_row][\/et_pb_section][et_pb_section fb_built=&#8221;1&#8243; admin_label=&#8221;section&#8221; _builder_version=&#8221;4.16&#8243; custom_padding=&#8221;0px|||||&#8221; global_colors_info=&#8221;{}&#8221;][et_pb_row admin_label=&#8221;row&#8221; _builder_version=&#8221;4.16&#8243; background_size=&#8221;initial&#8221; background_position=&#8221;top_left&#8221; background_repeat=&#8221;repeat&#8221; global_colors_info=&#8221;{}&#8221;][et_pb_column type=&#8221;4_4&#8243; _builder_version=&#8221;4.16&#8243; custom_padding=&#8221;|||&#8221; global_colors_info=&#8221;{}&#8221; custom_padding__hover=&#8221;|||&#8221;][et_pb_text _builder_version=&#8221;4.18.0&#8243; global_colors_info=&#8221;{}&#8221;]<\/p>\n<h1><strong><b>Fr\u00e9d\u00e9ric Verville | Prince\u2019s Trust Canada Veteran Entrepreneur<\/b><\/strong><\/h1>\n<p>[\/et_pb_text][\/et_pb_column][\/et_pb_row][et_pb_row column_structure=&#8221;1_2,1_2&#8243; _builder_version=&#8221;4.16&#8243; custom_margin=&#8221;-9px|auto||auto||&#8221; global_colors_info=&#8221;{}&#8221;][et_pb_column type=&#8221;1_2&#8243; _builder_version=&#8221;4.16&#8243; global_colors_info=&#8221;{}&#8221;][et_pb_image src=&#8221;https:\/\/ief-fie.ca\/staging\/wp-content\/uploads\/2023\/10\/Frederic-Verville-scaled.jpg&#8221; alt=&#8221;Fr\u00e9d\u00e9ric Verville&#8221; title_text=&#8221;Frederic-Verville&#8221; _builder_version=&#8221;4.18.0&#8243; width=&#8221;100%&#8221; global_colors_info=&#8221;{}&#8221;][\/et_pb_image][\/et_pb_column][et_pb_column type=&#8221;1_2&#8243; _builder_version=&#8221;4.16&#8243; global_colors_info=&#8221;{}&#8221;][et_pb_text admin_label=&#8221;Text&#8221; _builder_version=&#8221;4.18.0&#8243; background_size=&#8221;initial&#8221; background_position=&#8221;top_left&#8221; background_repeat=&#8221;repeat&#8221; global_colors_info=&#8221;{}&#8221;]<\/p>\n<p><b>Fr\u00e9d\u00e9ric Verville (he\/him),\u00a0 <\/b><b>Co-founder, <a href=\"https:\/\/floem.ca\/en\" target=\"_blank\" rel=\"noopener\">Flo\u00e8m<\/a><\/b><\/p>\n<p>&nbsp;<\/p>\n<div>\n<p><span style=\"font-weight: 400;\">Fr\u00e9d\u00e9ric Verville, an impassioned and dedicated entrepreneur, leads Flo\u00e8m with a vision focused on technological efficiency and an admiration for the boreal flora of Canada. Holding a master&#8217;s degree in theology, and with 11 years of service in the Canadian Armed Forces, Fr\u00e9d\u00e9ric has developed strong leadership and expertise in supply chain management and data analysis. He innovated by developing a customized Enterprise Resource Planning (ERP) management system for the manufacturing field, a key to the growth and success of Flo\u00e8m.\u00a0<\/span><\/p>\n<p><span style=\"font-weight: 400;\">Fr\u00e9d\u00e9ric\u2019s passion for nature and his desire to share the boreal flora motivated him to co-create Flo\u00e8m with his wife, highlighting local ingredients. Flo\u00e8m&#8217;s unique infusions made from Labrador leaves reflect the founders\u2019 love for the nature, the great outdoors, and the riches of the Northern boreal flora. The bold blends, handpicked, are an exploration of the beauty, creativity, and authenticity of nature. Fr\u00e9d\u00e9ric\u2019s experience and strategic vision guided the technological development of the company.<\/span><\/p>\n<\/div>\n<p>[\/et_pb_text][et_pb_video src=&#8221;https:\/\/youtu.be\/g3KWUdhY6tE?si=0K5OknGOWHgzI7O-&#8221; _builder_version=&#8221;4.18.0&#8243; _module_preset=&#8221;default&#8221; global_colors_info=&#8221;{}&#8221;][\/et_pb_video][et_pb_button button_url=&#8221;https:\/\/floem.ca\/en&#8221; url_new_window=&#8221;on&#8221; button_text=&#8221;Learn More&#8221; button_alignment=&#8221;left&#8221; _builder_version=&#8221;4.18.0&#8243; custom_button=&#8221;on&#8221; button_text_size=&#8221;15px&#8221; button_text_color=&#8221;#243d50&#8243; button_border_width=&#8221;3px&#8221; button_border_radius=&#8221;20px&#8221; button_font=&#8221;|700|||||||&#8221; global_colors_info=&#8221;{}&#8221;][\/et_pb_button][\/et_pb_column][\/et_pb_row][\/et_pb_section]<\/p>\n","protected":false},"excerpt":{"rendered":"<p>2023 CANIE Awards WinnerFr\u00e9d\u00e9ric Verville | Prince\u2019s Trust Canada Veteran EntrepreneurFr\u00e9d\u00e9ric Verville (he\/him),\u00a0 Co-founder, Flo\u00e8m &nbsp; Fr\u00e9d\u00e9ric Verville, an impassioned and dedicated entrepreneur, leads Flo\u00e8m with a vision focused on technological efficiency and an admiration for the boreal flora of Canada. Holding a master&#8217;s degree in theology, and with 11 years of service in the [&hellip;]<\/p>\n","protected":false},"author":867,"featured_media":11933,"comment_status":"open","ping_status":"closed","template":"","meta":{"_acf_changed":false,"_et_pb_use_builder":"on","_et_pb_old_content":"","_et_gb_content_width":"","_monsterinsights_skip_tracking":false,"_monsterinsights_sitenote_active":false,"_monsterinsights_sitenote_note":"","_monsterinsights_sitenote_category":0,"footnotes":""},"project_category":[204],"project_tag":[183,185,186,184],"class_list":["post-11945","project","type-project","status-publish","has-post-thumbnail","hentry","project_category-204","project_tag-canie-award","project_tag-entrepreneur","project_tag-innovator","project_tag-winners"],"acf":[],"yoast_head":"<!-- This site is optimized with the Yoast SEO plugin v27.5 - https:\/\/yoast.com\/product\/yoast-seo-wordpress\/ -->\n<title>Fr\u00e9d\u00e9ric Verville | Prince\u2019s Trust Canada Veteran Entrepreneur - Innovators &amp; Entrepreneurs Foundation<\/title>\n<meta name=\"description\" content=\"Fr\u00e9d\u00e9ric Verville\" \/>\n<meta name=\"robots\" content=\"index, follow, max-snippet:-1, max-image-preview:large, max-video-preview:-1\" \/>\n<link rel=\"canonical\" href=\"https:\/\/ief-fie.ca\/staging\/project\/frederic-verville-princes-trust-canada-veteran-entrepreneur\/\" \/>\n<meta property=\"og:locale\" content=\"en_US\" \/>\n<meta property=\"og:type\" content=\"article\" \/>\n<meta property=\"og:title\" content=\"Fr\u00e9d\u00e9ric Verville | Prince\u2019s Trust Canada Veteran Entrepreneur - Innovators &amp; Entrepreneurs Foundation\" \/>\n<meta property=\"og:description\" content=\"Fr\u00e9d\u00e9ric Verville\" \/>\n<meta property=\"og:url\" content=\"https:\/\/ief-fie.ca\/staging\/project\/frederic-verville-princes-trust-canada-veteran-entrepreneur\/\" \/>\n<meta property=\"og:site_name\" content=\"Innovators &amp; Entrepreneurs Foundation\" \/>\n<meta property=\"article:publisher\" content=\"https:\/\/www.facebook.com\/IEFCanada\" \/>\n<meta property=\"article:modified_time\" content=\"2023-10-27T14:32:21+00:00\" \/>\n<meta property=\"og:image\" content=\"https:\/\/ief-fie.ca\/staging\/wp-content\/uploads\/2023\/10\/Frederic-Verville-scaled.jpg\" \/>\n\t<meta property=\"og:image:width\" content=\"2560\" \/>\n\t<meta property=\"og:image:height\" content=\"2560\" \/>\n\t<meta property=\"og:image:type\" content=\"image\/jpeg\" \/>\n<meta name=\"twitter:card\" content=\"summary_large_image\" \/>\n<meta name=\"twitter:site\" content=\"@IEF_FIE\" \/>\n<meta name=\"twitter:label1\" content=\"Est. reading time\" \/>\n\t<meta name=\"twitter:data1\" content=\"3 minutes\" \/>\n<script type=\"application\/ld+json\" class=\"yoast-schema-graph\">{\"@context\":\"https:\\\/\\\/schema.org\",\"@graph\":[{\"@type\":\"WebPage\",\"@id\":\"https:\\\/\\\/ief-fie.ca\\\/staging\\\/project\\\/frederic-verville-princes-trust-canada-veteran-entrepreneur\\\/\",\"url\":\"https:\\\/\\\/ief-fie.ca\\\/staging\\\/project\\\/frederic-verville-princes-trust-canada-veteran-entrepreneur\\\/\",\"name\":\"Fr\u00e9d\u00e9ric Verville | Prince\u2019s Trust Canada Veteran Entrepreneur - Innovators &amp; Entrepreneurs Foundation\",\"isPartOf\":{\"@id\":\"https:\\\/\\\/ief-fie.ca\\\/staging\\\/#website\"},\"primaryImageOfPage\":{\"@id\":\"https:\\\/\\\/ief-fie.ca\\\/staging\\\/project\\\/frederic-verville-princes-trust-canada-veteran-entrepreneur\\\/#primaryimage\"},\"image\":{\"@id\":\"https:\\\/\\\/ief-fie.ca\\\/staging\\\/project\\\/frederic-verville-princes-trust-canada-veteran-entrepreneur\\\/#primaryimage\"},\"thumbnailUrl\":\"https:\\\/\\\/ief-fie.ca\\\/staging\\\/wp-content\\\/uploads\\\/2023\\\/10\\\/Frederic-Verville-scaled.jpg\",\"datePublished\":\"2023-10-27T14:32:16+00:00\",\"dateModified\":\"2023-10-27T14:32:21+00:00\",\"description\":\"Fr\u00e9d\u00e9ric Verville\",\"breadcrumb\":{\"@id\":\"https:\\\/\\\/ief-fie.ca\\\/staging\\\/project\\\/frederic-verville-princes-trust-canada-veteran-entrepreneur\\\/#breadcrumb\"},\"inLanguage\":\"en\",\"potentialAction\":[{\"@type\":\"ReadAction\",\"target\":[\"https:\\\/\\\/ief-fie.ca\\\/staging\\\/project\\\/frederic-verville-princes-trust-canada-veteran-entrepreneur\\\/\"]}]},{\"@type\":\"ImageObject\",\"inLanguage\":\"en\",\"@id\":\"https:\\\/\\\/ief-fie.ca\\\/staging\\\/project\\\/frederic-verville-princes-trust-canada-veteran-entrepreneur\\\/#primaryimage\",\"url\":\"https:\\\/\\\/ief-fie.ca\\\/staging\\\/wp-content\\\/uploads\\\/2023\\\/10\\\/Frederic-Verville-scaled.jpg\",\"contentUrl\":\"https:\\\/\\\/ief-fie.ca\\\/staging\\\/wp-content\\\/uploads\\\/2023\\\/10\\\/Frederic-Verville-scaled.jpg\",\"width\":2560,\"height\":2560,\"caption\":\"Fr\u00e9d\u00e9ric Verville\"},{\"@type\":\"BreadcrumbList\",\"@id\":\"https:\\\/\\\/ief-fie.ca\\\/staging\\\/project\\\/frederic-verville-princes-trust-canada-veteran-entrepreneur\\\/#breadcrumb\",\"itemListElement\":[{\"@type\":\"ListItem\",\"position\":1,\"name\":\"Home\",\"item\":\"https:\\\/\\\/ief-fie.ca\\\/staging\\\/\"},{\"@type\":\"ListItem\",\"position\":2,\"name\":\"Projects\",\"item\":\"https:\\\/\\\/ief-fie.ca\\\/staging\\\/project\\\/\"},{\"@type\":\"ListItem\",\"position\":3,\"name\":\"Fr\u00e9d\u00e9ric Verville | Prince\u2019s Trust Canada Veteran Entrepreneur\"}]},{\"@type\":\"WebSite\",\"@id\":\"https:\\\/\\\/ief-fie.ca\\\/staging\\\/#website\",\"url\":\"https:\\\/\\\/ief-fie.ca\\\/staging\\\/\",\"name\":\"Innovators &amp; Entrepreneurs Foundation\",\"description\":\"We are dedicated to support, educate &amp; celebrate innovation &amp; entrepreneurship among business owners in marginalized communities\",\"publisher\":{\"@id\":\"https:\\\/\\\/ief-fie.ca\\\/staging\\\/#organization\"},\"potentialAction\":[{\"@type\":\"SearchAction\",\"target\":{\"@type\":\"EntryPoint\",\"urlTemplate\":\"https:\\\/\\\/ief-fie.ca\\\/staging\\\/?s={search_term_string}\"},\"query-input\":{\"@type\":\"PropertyValueSpecification\",\"valueRequired\":true,\"valueName\":\"search_term_string\"}}],\"inLanguage\":\"en\"},{\"@type\":\"Organization\",\"@id\":\"https:\\\/\\\/ief-fie.ca\\\/staging\\\/#organization\",\"name\":\"Innovators & Entrepreneurs Foundation\",\"url\":\"https:\\\/\\\/ief-fie.ca\\\/staging\\\/\",\"logo\":{\"@type\":\"ImageObject\",\"inLanguage\":\"en\",\"@id\":\"https:\\\/\\\/ief-fie.ca\\\/staging\\\/#\\\/schema\\\/logo\\\/image\\\/\",\"url\":\"https:\\\/\\\/ief-fie.ca\\\/staging\\\/wp-content\\\/uploads\\\/2022\\\/04\\\/Social-Media-Kit-15.png\",\"contentUrl\":\"https:\\\/\\\/ief-fie.ca\\\/staging\\\/wp-content\\\/uploads\\\/2022\\\/04\\\/Social-Media-Kit-15.png\",\"width\":2127,\"height\":2127,\"caption\":\"Innovators & Entrepreneurs Foundation\"},\"image\":{\"@id\":\"https:\\\/\\\/ief-fie.ca\\\/staging\\\/#\\\/schema\\\/logo\\\/image\\\/\"},\"sameAs\":[\"https:\\\/\\\/www.facebook.com\\\/IEFCanada\",\"https:\\\/\\\/x.com\\\/IEF_FIE\",\"https:\\\/\\\/www.instagram.com\\\/ief_fie\\\/\",\"https:\\\/\\\/www.linkedin.com\\\/company\\\/ief-fie\",\"https:\\\/\\\/www.youtube.com\\\/channel\\\/UCu5c1wx006aHRvZTWtNFLHw\"]}]}<\/script>\n<!-- \/ Yoast SEO plugin. -->","yoast_head_json":{"title":"Fr\u00e9d\u00e9ric Verville | Prince\u2019s Trust Canada Veteran Entrepreneur - Innovators &amp; Entrepreneurs Foundation","description":"Fr\u00e9d\u00e9ric Verville","robots":{"index":"index","follow":"follow","max-snippet":"max-snippet:-1","max-image-preview":"max-image-preview:large","max-video-preview":"max-video-preview:-1"},"canonical":"https:\/\/ief-fie.ca\/staging\/project\/frederic-verville-princes-trust-canada-veteran-entrepreneur\/","og_locale":"en_US","og_type":"article","og_title":"Fr\u00e9d\u00e9ric Verville | Prince\u2019s Trust Canada Veteran Entrepreneur - Innovators &amp; Entrepreneurs Foundation","og_description":"Fr\u00e9d\u00e9ric Verville","og_url":"https:\/\/ief-fie.ca\/staging\/project\/frederic-verville-princes-trust-canada-veteran-entrepreneur\/","og_site_name":"Innovators &amp; Entrepreneurs Foundation","article_publisher":"https:\/\/www.facebook.com\/IEFCanada","article_modified_time":"2023-10-27T14:32:21+00:00","og_image":[{"width":2560,"height":2560,"url":"https:\/\/ief-fie.ca\/staging\/wp-content\/uploads\/2023\/10\/Frederic-Verville-scaled.jpg","type":"image\/jpeg"}],"twitter_card":"summary_large_image","twitter_site":"@IEF_FIE","twitter_misc":{"Est. reading time":"3 minutes"},"schema":{"@context":"https:\/\/schema.org","@graph":[{"@type":"WebPage","@id":"https:\/\/ief-fie.ca\/staging\/project\/frederic-verville-princes-trust-canada-veteran-entrepreneur\/","url":"https:\/\/ief-fie.ca\/staging\/project\/frederic-verville-princes-trust-canada-veteran-entrepreneur\/","name":"Fr\u00e9d\u00e9ric Verville | Prince\u2019s Trust Canada Veteran Entrepreneur - Innovators &amp; Entrepreneurs Foundation","isPartOf":{"@id":"https:\/\/ief-fie.ca\/staging\/#website"},"primaryImageOfPage":{"@id":"https:\/\/ief-fie.ca\/staging\/project\/frederic-verville-princes-trust-canada-veteran-entrepreneur\/#primaryimage"},"image":{"@id":"https:\/\/ief-fie.ca\/staging\/project\/frederic-verville-princes-trust-canada-veteran-entrepreneur\/#primaryimage"},"thumbnailUrl":"https:\/\/ief-fie.ca\/staging\/wp-content\/uploads\/2023\/10\/Frederic-Verville-scaled.jpg","datePublished":"2023-10-27T14:32:16+00:00","dateModified":"2023-10-27T14:32:21+00:00","description":"Fr\u00e9d\u00e9ric Verville","breadcrumb":{"@id":"https:\/\/ief-fie.ca\/staging\/project\/frederic-verville-princes-trust-canada-veteran-entrepreneur\/#breadcrumb"},"inLanguage":"en","potentialAction":[{"@type":"ReadAction","target":["https:\/\/ief-fie.ca\/staging\/project\/frederic-verville-princes-trust-canada-veteran-entrepreneur\/"]}]},{"@type":"ImageObject","inLanguage":"en","@id":"https:\/\/ief-fie.ca\/staging\/project\/frederic-verville-princes-trust-canada-veteran-entrepreneur\/#primaryimage","url":"https:\/\/ief-fie.ca\/staging\/wp-content\/uploads\/2023\/10\/Frederic-Verville-scaled.jpg","contentUrl":"https:\/\/ief-fie.ca\/staging\/wp-content\/uploads\/2023\/10\/Frederic-Verville-scaled.jpg","width":2560,"height":2560,"caption":"Fr\u00e9d\u00e9ric Verville"},{"@type":"BreadcrumbList","@id":"https:\/\/ief-fie.ca\/staging\/project\/frederic-verville-princes-trust-canada-veteran-entrepreneur\/#breadcrumb","itemListElement":[{"@type":"ListItem","position":1,"name":"Home","item":"https:\/\/ief-fie.ca\/staging\/"},{"@type":"ListItem","position":2,"name":"Projects","item":"https:\/\/ief-fie.ca\/staging\/project\/"},{"@type":"ListItem","position":3,"name":"Fr\u00e9d\u00e9ric Verville | Prince\u2019s Trust Canada Veteran Entrepreneur"}]},{"@type":"WebSite","@id":"https:\/\/ief-fie.ca\/staging\/#website","url":"https:\/\/ief-fie.ca\/staging\/","name":"Innovators &amp; Entrepreneurs Foundation","description":"We are dedicated to support, educate &amp; celebrate innovation &amp; entrepreneurship among business owners in marginalized communities","publisher":{"@id":"https:\/\/ief-fie.ca\/staging\/#organization"},"potentialAction":[{"@type":"SearchAction","target":{"@type":"EntryPoint","urlTemplate":"https:\/\/ief-fie.ca\/staging\/?s={search_term_string}"},"query-input":{"@type":"PropertyValueSpecification","valueRequired":true,"valueName":"search_term_string"}}],"inLanguage":"en"},{"@type":"Organization","@id":"https:\/\/ief-fie.ca\/staging\/#organization","name":"Innovators & Entrepreneurs Foundation","url":"https:\/\/ief-fie.ca\/staging\/","logo":{"@type":"ImageObject","inLanguage":"en","@id":"https:\/\/ief-fie.ca\/staging\/#\/schema\/logo\/image\/","url":"https:\/\/ief-fie.ca\/staging\/wp-content\/uploads\/2022\/04\/Social-Media-Kit-15.png","contentUrl":"https:\/\/ief-fie.ca\/staging\/wp-content\/uploads\/2022\/04\/Social-Media-Kit-15.png","width":2127,"height":2127,"caption":"Innovators & Entrepreneurs Foundation"},"image":{"@id":"https:\/\/ief-fie.ca\/staging\/#\/schema\/logo\/image\/"},"sameAs":["https:\/\/www.facebook.com\/IEFCanada","https:\/\/x.com\/IEF_FIE","https:\/\/www.instagram.com\/ief_fie\/","https:\/\/www.linkedin.com\/company\/ief-fie","https:\/\/www.youtube.com\/channel\/UCu5c1wx006aHRvZTWtNFLHw"]}]}},"_links":{"self":[{"href":"https:\/\/ief-fie.ca\/staging\/wp-json\/wp\/v2\/project\/11945","targetHints":{"allow":["GET"]}}],"collection":[{"href":"https:\/\/ief-fie.ca\/staging\/wp-json\/wp\/v2\/project"}],"about":[{"href":"https:\/\/ief-fie.ca\/staging\/wp-json\/wp\/v2\/types\/project"}],"author":[{"embeddable":true,"href":"https:\/\/ief-fie.ca\/staging\/wp-json\/wp\/v2\/users\/867"}],"replies":[{"embeddable":true,"href":"https:\/\/ief-fie.ca\/staging\/wp-json\/wp\/v2\/comments?post=11945"}],"version-history":[{"count":5,"href":"https:\/\/ief-fie.ca\/staging\/wp-json\/wp\/v2\/project\/11945\/revisions"}],"predecessor-version":[{"id":11965,"href":"https:\/\/ief-fie.ca\/staging\/wp-json\/wp\/v2\/project\/11945\/revisions\/11965"}],"wp:featuredmedia":[{"embeddable":true,"href":"https:\/\/ief-fie.ca\/staging\/wp-json\/wp\/v2\/media\/11933"}],"wp:attachment":[{"href":"https:\/\/ief-fie.ca\/staging\/wp-json\/wp\/v2\/media?parent=11945"}],"wp:term":[{"taxonomy":"project_category","embeddable":true,"href":"https:\/\/ief-fie.ca\/staging\/wp-json\/wp\/v2\/project_category?post=11945"},{"taxonomy":"project_tag","embeddable":true,"href":"https:\/\/ief-fie.ca\/staging\/wp-json\/wp\/v2\/project_tag?post=11945"}],"curies":[{"name":"wp","href":"https:\/\/api.w.org\/{rel}","templated":true}]}}